{"id":448,"date":"2015-09-22T18:21:26","date_gmt":"2015-09-22T16:21:26","guid":{"rendered":"http:\/\/www.gs-rohrsen.de\/wp\/?page_id=448"},"modified":"2026-01-15T15:24:25","modified_gmt":"2026-01-15T14:24:25","slug":"sonderpaedagogische-grundversorgung-2","status":"publish","type":"page","link":"https:\/\/www.gs-rohrsen.de\/wp\/?page_id=448","title":{"rendered":"Sonderp\u00e4dagogische Grundversorgung"},"content":{"rendered":"<p>Seit Beginn des Schuljahres 2009\/10 gibt es an unserer Schule die <b>sonderp\u00e4dagogische Grundversorgung.<\/b><\/p>\n<p>In Kooperation mit den Grundschulen Afferde und Hastenbeck haben wir damals ein <b>Regionales Integrationskonzept (RIK)<\/b> erarbeitet, damit auch die Kinder mit besonderem F\u00f6rderbedarf, die zu unserem Schulbereich geh\u00f6ren, zu unserer Schule gehen k\u00f6nnen.<\/p>\n<p>Kinder, bei denen sonderp\u00e4dagogischer F\u00f6rderbedarf in den Bereichen \u201eLernen\u201c, \u201eSprache\u201c oder \u201eSoziale oder emotionale Entwicklung\u201c festgestellt wurde, verbleiben bei uns in ihrer gewohnten Klasse und erhalten von der F\u00f6rderschullehrerin <a href=\"mailto: a.brecke@schule-nds.de\"><strong>Frau Brecke <\/strong><\/a>eine besondere F\u00f6rderung.<br \/>\nIn vielen Bereichen k\u00f6nnen sie so weiterhin am Klassenunterricht teilnehmen und vor allen Dingen w\u00e4hrend ihrer Grundschulzeit in ihrer Klassengemeinschaft bleiben.<\/p>\n<p>Frau Brecke ist dar\u00fcber hinaus in allen Klassen unserer Schule f\u00fcr Pr\u00e4vention, Diagnostik und Beratung zust\u00e4ndig, f\u00f6rdert einzelne Kinder gezielt und arbeitet eng mit den Lehrerinnen zusammen. Sie gibt Hilfen zur individuellen F\u00f6rderung oder stellt geeignetes Material zusammen.<\/p>\n","protected":false},"excerpt":{"rendered":"<p>Seit Beginn des Schuljahres 2009\/10 gibt es an unserer Schule die sonderp\u00e4dagogische Grundversorgung. In Kooperation mit den Grundschulen Afferde und Hastenbeck haben wir damals ein Regionales Integrationskonzept (RIK) erarbeitet, damit auch die Kinder mit besonderem F\u00f6rderbedarf, die zu unserem Schulbereich geh\u00f6ren, zu unserer Schule gehen k\u00f6nnen. Kinder, bei denen sonderp\u00e4dagogischer F\u00f6rderbedarf in den Bereichen \u201eLernen\u201c, &hellip; <a href=\"https:\/\/www.gs-rohrsen.de\/wp\/?page_id=448\" class=\"more-link\"><span class=\"screen-reader-text\">Sonderp\u00e4dagogische Grundversorgung<\/span> weiterlesen <span class=\"meta-nav\">&rarr;<\/span><\/a><\/p>\n","protected":false},"author":1,"featured_media":0,"parent":0,"menu_order":0,"comment_status":"closed","ping_status":"closed","template":"","meta":{"footnotes":""},"class_list":["post-448","page","type-page","status-publish","hentry"],"_links":{"self":[{"href":"https:\/\/www.gs-rohrsen.de\/wp\/index.php?rest_route=\/wp\/v2\/pages\/448","targetHints":{"allow":["GET"]}}],"collection":[{"href":"https:\/\/www.gs-rohrsen.de\/wp\/index.php?rest_route=\/wp\/v2\/pages"}],"about":[{"href":"https:\/\/www.gs-rohrsen.de\/wp\/index.php?rest_route=\/wp\/v2\/types\/page"}],"author":[{"embeddable":true,"href":"https:\/\/www.gs-rohrsen.de\/wp\/index.php?rest_route=\/wp\/v2\/users\/1"}],"replies":[{"embeddable":true,"href":"https:\/\/www.gs-rohrsen.de\/wp\/index.php?rest_route=%2Fwp%2Fv2%2Fcomments&post=448"}],"version-history":[{"count":7,"href":"https:\/\/www.gs-rohrsen.de\/wp\/index.php?rest_route=\/wp\/v2\/pages\/448\/revisions"}],"predecessor-version":[{"id":4338,"href":"https:\/\/www.gs-rohrsen.de\/wp\/index.php?rest_route=\/wp\/v2\/pages\/448\/revisions\/4338"}],"wp:attachment":[{"href":"https:\/\/www.gs-rohrsen.de\/wp\/index.php?rest_route=%2Fwp%2Fv2%2Fmedia&parent=448"}],"curies":[{"name":"wp","href":"https:\/\/api.w.org\/{rel}","templated":true}]}}